{"id":3459,"date":"2023-12-29T11:02:04","date_gmt":"2023-12-29T11:02:04","guid":{"rendered":"https:\/\/dreamsrent-wp.dreamstechnologies.com\/?page_id=3459"},"modified":"2025-10-17T03:39:02","modified_gmt":"2025-10-17T01:39:02","slug":"about-us","status":"publish","type":"page","link":"https:\/\/garciascarrentaltci.com\/es\/about-us\/","title":{"rendered":"Sobre nosotros"},"content":{"rendered":"<div data-elementor-type=\"wp-page\" data-elementor-id=\"3459\" class=\"elementor elementor-3459\">\n\t\t\t\t\t\t<section class=\"elementor-section elementor-top-section elementor-element elementor-element-aee9b07 elementor-section-full_width elementor-section-height-default elementor-section-height-default\" data-id=\"aee9b07\" data-element_type=\"section\" data-e-type=\"section\">\n\t\t\t\t\t\t<div class=\"elementor-container elementor-column-gap-no\">\n\t\t\t\t\t<div class=\"elementor-column elementor-col-100 elementor-top-column elementor-element elementor-element-48dd1d37\" data-id=\"48dd1d37\" data-element_type=\"column\" data-e-type=\"column\">\n\t\t\t<div class=\"elementor-widget-wrap elementor-element-populated\">\n\t\t\t\t\t\t<div class=\"elementor-element elementor-element-ab12fe6 elementor-widget elementor-widget-drs_about_info\" data-id=\"ab12fe6\" data-element_type=\"widget\" data-e-type=\"widget\" data-widget_type=\"drs_about_info.default\">\n\t\t\t\t<div class=\"elementor-widget-container\">\n\t\t\t\t\t\t\t <section class=\"section about-sec\">\t\t\t\t\r\n\t\t\t<div class=\"container\">\t\t\t\t\r\n\t\t\t\t<div class=\"row align-items-center\">\t\t\t\t\r\n\t\t\t\t\t<div class=\"col-lg-6 aos-init aos-animate\" data-aos=\"fade-down\">\r\n\t\t\t\t\t\t<div class=\"about-img\">\r\n\t\t\t\t\t\t\t<div class=\"about-exp\">\r\n\t\t\t\t\t\t\t\t<span>12+ years of experiences<\/span>\r\n\t\t\t\t\t\t\t<\/div>\r\n\t\t\t\t\t\t\t<div class=\"abt-img\">\r\n\t\t\t\t\t\t\t\t<img decoding=\"async\" src=\"https:\/\/garciascarrentaltci.com\/wp-content\/uploads\/2025\/10\/dee3447e-08b4-45c7-b441-00bdaa37263a.jpg\" class=\"img-fluid\" alt=\"\">\r\n\t\t\t\t\t\t\t<\/div>\r\n\t\t\t\t\t\t<\/div>\r\n\t\t\t\t\t<\/div>\t\t\t\t\t\r\n\t\t\t\t\t<div class=\"col-lg-6 aos-init aos-animate\" data-aos=\"fade-down\">\r\n\t\t\t\t\t\t<div class=\"about-content\">\r\n\t\t\t\t\t\t\t<h6>SOBRE NUESTRA EMPRESA<\/h6>\r\n\t\t\t\t\t\t\t<h2>GARCIA'S CAR-RENTAL<\/h2>\r\n\t\t\t\t\t\t\t<p>Garc\u00eda's Rent-a-Car se fund\u00f3 en julio de 2023 con una visi\u00f3n clara: ofrecer un servicio de alquiler de coches en las Islas Turcas y Caicos que se distinga por la calidad de su flota y una atenci\u00f3n al cliente excepcional. La idea surgi\u00f3 como un compromiso personal y familiar tras el nacimiento de la primera hija de nuestro fundador. Fue entonces cuando decidi\u00f3 crear un negocio s\u00f3lido y con prop\u00f3sito: construir un legado para su familia y ofrecer un servicio del que pudiera sentirse orgulloso.<\/p>\n<p>Nos apasionan los coches y entendemos que cada cliente necesita algo m\u00e1s que un veh\u00edculo: necesita fiabilidad, puntualidad y un servicio personalizado. En Garc\u00eda's Rent-a-Car, cada entrega es una oportunidad para demostrar que el cliente es nuestra prioridad.<\/p>\n\t\t\t\t<div class=\"row\">\n\t\t\t\t\t\t\t\t<div class=\"col-md-6\">\n\t\t\t\t\t\t\t\t\t<ul>\n\t\t\t\t\t\t\t\t\t\t<li>Proceso de reserva sencillo<\/li>\n\t\t\t\t\t\t\t\t\t\t<li>Proceso de recogida y entrega conveniente<\/li>\n\t\t\t\t\t\t\t\t\t<\/ul>\n\t\t\t\t\t\t\t\t<\/div>\n\t\t\t\t\t\t\t\n\t\t\t\t\t\t\t<\/div>\t\t\t\t\t\t<\/div>\r\n\t\t\t\t\t<\/div>\t\t\t\t\t\r\n\t\t\t\t<\/div>\r\n\t\t\t<\/div>\r\n\t\t<\/section>\r\n\t\t \t\t\t\t<\/div>\n\t\t\t\t<\/div>\n\t\t\t\t\t<\/div>\n\t\t<\/div>\n\t\t\t\t\t<\/div>\n\t\t<\/section>\n\t\t\t\t<\/div>","protected":false},"excerpt":{"rendered":"<p>12+ years of experiences ABOUT OUR COMPANY GARCIA&#8217;S CAR-RENTAL Garc\u00eda&#8217;s Rent-a-Car was founded in July 2023 with a clear vision: to offer a car rental service in Turks and Caicos that stands out for the quality of its fleet and exceptional customer service. The idea emerged as a personal and family commitment after the birth [&hellip;]<\/p>\n","protected":false},"author":1,"featured_media":0,"parent":0,"menu_order":0,"comment_status":"closed","ping_status":"closed","template":"templates\/elementor-page-template.php","meta":{"footnotes":""},"class_list":["post-3459","page","type-page","status-publish","hentry"],"_links":{"self":[{"href":"https:\/\/garciascarrentaltci.com\/es\/wp-json\/wp\/v2\/pages\/3459","targetHints":{"allow":["GET"]}}],"collection":[{"href":"https:\/\/garciascarrentaltci.com\/es\/wp-json\/wp\/v2\/pages"}],"about":[{"href":"https:\/\/garciascarrentaltci.com\/es\/wp-json\/wp\/v2\/types\/page"}],"author":[{"embeddable":true,"href":"https:\/\/garciascarrentaltci.com\/es\/wp-json\/wp\/v2\/users\/1"}],"replies":[{"embeddable":true,"href":"https:\/\/garciascarrentaltci.com\/es\/wp-json\/wp\/v2\/comments?post=3459"}],"version-history":[{"count":0,"href":"https:\/\/garciascarrentaltci.com\/es\/wp-json\/wp\/v2\/pages\/3459\/revisions"}],"wp:attachment":[{"href":"https:\/\/garciascarrentaltci.com\/es\/wp-json\/wp\/v2\/media?parent=3459"}],"curies":[{"name":"wp","href":"https:\/\/api.w.org\/{rel}","templated":true}]}}